{"id":2697,"date":"2022-09-28T10:47:43","date_gmt":"2022-09-28T10:47:43","guid":{"rendered":"http:\/\/meloni.dk\/index.php\/product\/billedkunst-valgfag-og-proeve-2\/"},"modified":"2024-11-20T13:08:13","modified_gmt":"2024-11-20T13:08:13","slug":"billedkunst-valgfag-og-proeve-2","status":"publish","type":"product","link":"https:\/\/meloni.dk\/index.php\/product\/billedkunst-valgfag-og-proeve-2\/","title":{"rendered":"Billedkunst &#8211; valgfag og pr\u00f8ve"},"content":{"rendered":"<p>Billedkunst \u0096-algfag og pr\u00f8ve er en antologi, hvis m\u00e5l er at give valgfagsl\u00e6reren i billedkunst viden, inspiration og tilbyde konkrete og praksisn\u00e6re forl\u00f8b til den daglige undervisning i det to\u00e5rige valgfagsforl\u00f8b. Bogens undervisningsforl\u00f8b afsluttes alle med et konkret bud p\u00e5 formulerede pr\u00f8veopl\u00e6g. Bogen bidrager ogs\u00e5 til at sikre de \u00e6ldre folkeskoleelevers udvikling af visuelle kompetencer i en stadig mere visuel orienteret verden. Bogen er s\u00e5ledes ogs\u00e5 t\u00e6nkt som et bidrag til at hj\u00e6lpe l\u00e6reren i arbejdet med at udvikle elevers mulighed for at afkode og forst\u00e5 samfundets visualitet og til selv at bruge billeder til at forst\u00e5 og til at skabe betydning. De otte forfattere til antologien har en solid faglig fundering i og omkring billedkunst, og underviser alle i billedkunstfaget i l\u00e6reruddannelsen p\u00e5 landets forskellige professionsh\u00f8jskoler. Bogens prim\u00e6re m\u00e5lgruppe er undervisere i grundskolens valgfag i billedkunst og p\u00e5 efterskoler, samt studerende p\u00e5 l\u00e6reruddannelsen. Men antologiens perspektiver p\u00e5 arbejdet med visualitet kan ogs\u00e5 bruges af undervisere p\u00e5 gymnasier og h\u00f8jskoler, samt p\u00e5 alle andre uddannelser, hvor man ser det visuelle som en kilde til at forst\u00e5 og kommunikere.<\/p>\n","protected":false},"excerpt":{"rendered":"<p>Billedkunst \u0096 valgfag og pr\u00f8ve er en antologi, hvis m\u00e5l er at give valgfagsl\u00e6reren i billedkunst viden, inspiration og tilbyde konkrete og praksisn\u00e6re forl\u00f8b til den daglige undervisning i det to\u00e5rige valgfagsforl\u00f8b. Bogens undervisningsforl\u00f8b afsluttes alle med et konkret bud p\u00e5 formulerede pr\u00f8veopl\u00e6g. Bogen bidrager ogs\u00e5 til at sikre de \u00e6ldre folkeskoleelevers udvikling af visuelle kompetencer i en stadig mere visuel orienteret verden. Bogen er s\u00e5ledes ogs\u00e5 t\u00e6nkt som et bidrag til at hj\u00e6lpe l\u00e6reren i arbejdet med at udvikle elevers mulighed for at afkode og forst\u00e5 samfundets visualitet og til selv at bruge billeder til at forst\u00e5 og til at skabe betydning. De otte forfattere til antologien har en solid faglig fundering i og omkring billedkunst, og underviser alle i billedkunstfaget i l\u00e6reruddannelsen p\u00e5 landets forskellige professionsh\u00f8jskoler. Bogens prim\u00e6re m\u00e5lgruppe er undervisere i grundskolens valgfag i billedkunst og p\u00e5 efterskoler, samt studerende p\u00e5 l\u00e6reruddannelsen. Men antologiens perspektiver p\u00e5 arbejdet med visualitet kan ogs\u00e5 bruges af undervisere p\u00e5 gymnasier og h\u00f8jskoler, samt p\u00e5 alle andre uddannelser, hvor man ser det visuelle som en kilde til at forst\u00e5 og kommunikere.<\/p>\n","protected":false},"featured_media":3862,"template":"","meta":[],"product_brand":[],"product_cat":[21],"product_tag":[],"class_list":{"0":"post-2697","1":"product","2":"type-product","3":"status-publish","4":"has-post-thumbnail","6":"product_cat-billedkunst","8":"first","9":"instock","10":"taxable","11":"shipping-taxable","12":"purchasable","13":"product-type-simple"},"_links":{"self":[{"href":"https:\/\/meloni.dk\/index.php\/wp-json\/wp\/v2\/product\/2697","targetHints":{"allow":["GET"]}}],"collection":[{"href":"https:\/\/meloni.dk\/index.php\/wp-json\/wp\/v2\/product"}],"about":[{"href":"https:\/\/meloni.dk\/index.php\/wp-json\/wp\/v2\/types\/product"}],"wp:featuredmedia":[{"embeddable":true,"href":"https:\/\/meloni.dk\/index.php\/wp-json\/wp\/v2\/media\/3862"}],"wp:attachment":[{"href":"https:\/\/meloni.dk\/index.php\/wp-json\/wp\/v2\/media?parent=2697"}],"wp:term":[{"taxonomy":"product_brand","embeddable":true,"href":"https:\/\/meloni.dk\/index.php\/wp-json\/wp\/v2\/product_brand?post=2697"},{"taxonomy":"product_cat","embeddable":true,"href":"https:\/\/meloni.dk\/index.php\/wp-json\/wp\/v2\/product_cat?post=2697"},{"taxonomy":"product_tag","embeddable":true,"href":"https:\/\/meloni.dk\/index.php\/wp-json\/wp\/v2\/product_tag?post=2697"}],"curies":[{"name":"wp","href":"https:\/\/api.w.org\/{rel}","templated":true}]}}